{"id":15,"date":"2019-10-18T19:52:44","date_gmt":"2019-10-18T19:52:44","guid":{"rendered":"http:\/\/schule-am-moenchshof.de\/?page_id=15"},"modified":"2019-10-19T22:06:48","modified_gmt":"2019-10-19T20:06:48","slug":"datenschutzerklaerung","status":"publish","type":"page","link":"https:\/\/schule-am-moenchshof.de\/?page_id=15","title":{"rendered":"Datenschutzerkl\u00e4rung"},"content":{"rendered":"\n<h4 class=\"wp-block-heading\">Wer wir sind<\/h4>\n\n\n\n<p>Grundschule Am M\u00f6nchshof<br>https:\/\/schule-am-moenchshof.de<br>Hindenburgstr. 33 A<br>28717 Bremen  <\/p>\n\n\n\n<h4 class=\"wp-block-heading\">Cookies<\/h4>\n\n\n\n<p>Unsere\nWebsite verwendet Cookies. Das sind kleine Textdateien, die Ihr Webbrowser auf\nIhrem Endger\u00e4t speichert. Cookies helfen uns dabei, unser Angebot\nnutzerfreundlicher, effektiver und sicherer zu machen.<\/p>\n\n\n\n<p>Einige\nCookies sind \u201cSession-Cookies.\u201d Solche Cookies werden nach Ende Ihrer\nBrowser-Sitzung von selbst gel\u00f6scht. Hingegen bleiben andere Cookies auf Ihrem\nEndger\u00e4t bestehen, bis Sie diese selbst l\u00f6schen. Solche Cookies helfen uns, Sie\nbei R\u00fcckkehr auf unserer Website wiederzuerkennen.<\/p>\n\n\n\n<p>Mit einem\nmodernen Webbrowser k\u00f6nnen Sie das Setzen von Cookies \u00fcberwachen, einschr\u00e4nken\noder unterbinden. Viele Webbrowser lassen sich so konfigurieren, dass Cookies\nmit dem Schlie\u00dfen des Programms von selbst gel\u00f6scht werden. Die Deaktivierung\nvon Cookies kann eine eingeschr\u00e4nkte Funktionalit\u00e4t unserer Website zur Folge\nhaben.\n\nDas Setzen von Cookies, die zur Aus\u00fcbung\nelektronischer Kommunikationsvorg\u00e4nge oder der Bereitstellung bestimmter, von\nIhnen erw\u00fcnschter Funktionen (z.B. Warenkorb) notwendig sind, erfolgt auf\nGrundlage von Art. 6 Abs. 1 lit. f DSGVO. Als Betreiber dieser Website haben\nwir ein berechtigtes Interesse an der Speicherung von Cookies zur technisch\nfehlerfreien und reibungslosen Bereitstellung unserer Dienste. Sofern die\nSetzung anderer Cookies (z.B. f\u00fcr Analyse-Funktionen) erfolgt, werden diese in\ndieser Datenschutzerkl\u00e4rung separat behandelt.\n\n\n\n<\/p>\n\n\n\n<h4 class=\"wp-block-heading\"><strong>Widerruf Ihrer Einwilligung zur Datenverarbeitung<\/strong><\/h4>\n\n\n\n<p>Nur mit\nIhrer ausdr\u00fccklichen Einwilligung sind einige Vorg\u00e4nge der Datenverarbeitung\nm\u00f6glich. Ein Widerruf Ihrer bereits erteilten Einwilligung ist jederzeit\nm\u00f6glich. F\u00fcr den Widerruf gen\u00fcgt eine formlose Mitteilung per E-Mail. Die\nRechtm\u00e4\u00dfigkeit der bis zum Widerruf erfolgten Datenverarbeitung bleibt vom\nWiderruf unber\u00fchrt.<\/p>\n\n\n\n<h4 class=\"wp-block-heading\"><strong>Recht auf Beschwerde bei der zust\u00e4ndigen Aufsichtsbeh\u00f6rde<\/strong><\/h4>\n\n\n\n<p>Als\nBetroffener steht Ihnen im Falle eines datenschutzrechtlichen Versto\u00dfes ein\nBeschwerderecht bei der zust\u00e4ndigen Aufsichtsbeh\u00f6rde zu. Zust\u00e4ndige\nAufsichtsbeh\u00f6rde bez\u00fcglich datenschutzrechtlicher Fragen ist der\nLandesdatenschutzbeauftragte des Bundeslandes, in dem sich der Sitz unseres\nUnternehmens befindet. Der folgende Link stellt eine Liste der\nDatenschutzbeauftragten sowie deren Kontaktdaten bereit: <a href=\"https:\/\/www.bfdi.bund.de\/DE\/Infothek\/Anschriften_Links\/anschriften_links-node.html\">https:\/\/www.bfdi.bund.de\/DE\/Infothek\/Anschriften_Links\/anschriften_links-node.html<\/a>.<\/p>\n\n\n\n<h4 class=\"wp-block-heading\"><strong>Auskunft, Berichtigung, Sperrung, L\u00f6schung<\/strong><\/h4>\n\n\n\n<p>Sie haben\njederzeit im Rahmen der geltenden gesetzlichen Bestimmungen das Recht auf\nunentgeltliche Auskunft \u00fcber Ihre gespeicherten personenbezogenen Daten,\nHerkunft der Daten, deren Empf\u00e4nger und den Zweck der Datenverarbeitung und\nggf. ein Recht auf Berichtigung, Sperrung oder L\u00f6schung dieser Daten.\nDiesbez\u00fcglich und auch zu weiteren Fragen zum Thema personenbezogene Daten\nk\u00f6nnen Sie sich jederzeit \u00fcber die im Impressum aufgef\u00fchrten\nKontaktm\u00f6glichkeiten an uns wenden.<\/p>\n\n\n\n<h4 class=\"wp-block-heading\"><strong>SSL- bzw. TLS-Verschl\u00fcsselung<\/strong><\/h4>\n\n\n\n<p>Aus\nSicherheitsgr\u00fcnden und zum Schutz der \u00dcbertragung vertraulicher Inhalte, die\nSie an uns als Seitenbetreiber senden, nutzt unsere Website eine SSL-bzw.\nTLS-Verschl\u00fcsselung. Damit sind Daten, die Sie \u00fcber diese Website \u00fcbermitteln,\nf\u00fcr Dritte nicht mitlesbar. Sie erkennen eine verschl\u00fcsselte Verbindung an der\n\u201ehttps:\/\/\u201c Adresszeile Ihres Browsers und am Schloss-Symbol in der\nBrowserzeile.<\/p>\n\n\n\n<h4 class=\"wp-block-heading\"><strong>Server-Log-Dateien<\/strong><\/h4>\n\n\n\n<p>In Server-Log-Dateien\nerhebt und speichert der Provider der Website automatisch Informationen, die\nIhr Browser automatisch an uns \u00fcbermittelt. Dies sind:<\/p>\n\n\n\n<ul class=\"wp-block-list\"><li>Browsertyp und Browserversion<\/li><li>Verwendetes Betriebssystem<\/li><li>Referrer URL<\/li><li>Hostname des zugreifenden Rechners<\/li><li>Uhrzeit der Serveranfrage<\/li><li>IP-Adresse<\/li><\/ul>\n\n\n\n<p>Es findet\nkeine Zusammenf\u00fchrung dieser Daten mit anderen Datenquellen statt. Grundlage\nder Datenverarbeitung bildet Art. 6 Abs. 1 lit. b DSGVO, der die Verarbeitung\nvon Daten zur Erf\u00fcllung eines Vertrags oder vorvertraglicher Ma\u00dfnahmen\ngestattet.<\/p>\n\n\n\n<h4 class=\"wp-block-heading\">Weitere Informationen<\/h4>\n\n\n\n<p class=\"has-small-font-size\">Quelle: Datenschutz-Konfigurator von <a href=\"http:\/\/www.mein-datenschutzbeauftragter.de\">mein-datenschutzbeauftragter.de<\/a><\/p>\n","protected":false},"excerpt":{"rendered":"<p>Wer wir sind Grundschule Am M\u00f6nchshofhttps:\/\/schule-am-moenchshof.deHindenburgstr. 33 A28717 Bremen Cookies Unsere Website verwendet Cookies. Das sind kleine Textdateien, die Ihr Webbrowser auf Ihrem Endger\u00e4t speichert. Cookies helfen uns dabei, unser Angebot nutzerfreundlicher, effektiver und sicherer zu machen. Einige Cookies sind \u201cSession-Cookies.\u201d Solche Cookies werden nach Ende Ihrer Browser-Sitzung von selbst gel\u00f6scht. Hingegen bleiben andere Cookies auf Ihrem Endger\u00e4t bestehen, bis Sie diese selbst l\u00f6schen. Solche Cookies helfen uns, Sie bei R\u00fcckkehr auf unserer Website wiederzuerkennen. Mit einem modernen Webbrowser k\u00f6nnen Sie das Setzen von Cookies \u00fcberwachen, einschr\u00e4nken oder unterbinden. Viele Webbrowser lassen sich so konfigurieren, dass Cookies mit dem Schlie\u00dfen des Programms von selbst gel\u00f6scht werden. Die Deaktivierung von Cookies kann eine eingeschr\u00e4nkte Funktionalit\u00e4t unserer Website zur Folge haben. Das Setzen von Cookies, die zur Aus\u00fcbung elektronischer Kommunikationsvorg\u00e4nge oder der Bereitstellung bestimmter, von Ihnen erw\u00fcnschter Funktionen (z.B. Warenkorb) notwendig sind, erfolgt auf Grundlage von Art. 6 Abs. 1 lit. f&hellip;<\/p>\n<p> <a class=\"more-link\" href=\"https:\/\/schule-am-moenchshof.de\/?page_id=15\">Weiterlesen<\/a><\/p>\n","protected":false},"author":1,"featured_media":0,"parent":127,"menu_order":0,"comment_status":"closed","ping_status":"closed","template":"","meta":{"footnotes":""},"class_list":["post-15","page","type-page","status-publish"],"_links":{"self":[{"href":"https:\/\/schule-am-moenchshof.de\/index.php?rest_route=\/wp\/v2\/pages\/15","targetHints":{"allow":["GET"]}}],"collection":[{"href":"https:\/\/schule-am-moenchshof.de\/index.php?rest_route=\/wp\/v2\/pages"}],"about":[{"href":"https:\/\/schule-am-moenchshof.de\/index.php?rest_route=\/wp\/v2\/types\/page"}],"author":[{"embeddable":true,"href":"https:\/\/schule-am-moenchshof.de\/index.php?rest_route=\/wp\/v2\/users\/1"}],"replies":[{"embeddable":true,"href":"https:\/\/schule-am-moenchshof.de\/index.php?rest_route=%2Fwp%2Fv2%2Fcomments&post=15"}],"version-history":[{"count":4,"href":"https:\/\/schule-am-moenchshof.de\/index.php?rest_route=\/wp\/v2\/pages\/15\/revisions"}],"predecessor-version":[{"id":235,"href":"https:\/\/schule-am-moenchshof.de\/index.php?rest_route=\/wp\/v2\/pages\/15\/revisions\/235"}],"up":[{"embeddable":true,"href":"https:\/\/schule-am-moenchshof.de\/index.php?rest_route=\/wp\/v2\/pages\/127"}],"wp:attachment":[{"href":"https:\/\/schule-am-moenchshof.de\/index.php?rest_route=%2Fwp%2Fv2%2Fmedia&parent=15"}],"curies":[{"name":"wp","href":"https:\/\/api.w.org\/{rel}","templated":true}]}}